{"id":1263,"date":"2023-05-01T12:01:27","date_gmt":"2023-05-01T10:01:27","guid":{"rendered":"http:\/\/localhost\/eviapartmentlocal\/kuens-und-umgebung-2\/"},"modified":"2025-11-10T09:25:39","modified_gmt":"2025-11-10T08:25:39","slug":"caines-e-dintorni","status":"publish","type":"page","link":"https:\/\/www.eviapartment.it\/it\/caines-e-dintorni\/","title":{"rendered":"Caines e dintorni"},"content":{"rendered":"<div id='full_slider_1'  class='avia-fullwidth-slider main_color avia-shadow   avia-builder-el-0  el_before_av_layout_row  avia-builder-el-first   container_wrap fullsize'  ><div  class='avia-slideshow av-1oug4f3-5af2ac4c1c48548c5a3d80a94ac099bb avia-slideshow-featured_large av_slideshow_full avia-fade-slider av-slideshow-ui av-control-minimal av-slideshow-autoplay av-loop-endless av-loop-manual-endless av-default-height-applied   avia-slideshow-1' data-slideshow-options=\"{&quot;animation&quot;:&quot;fade&quot;,&quot;autoplay&quot;:true,&quot;loop_autoplay&quot;:&quot;endless&quot;,&quot;interval&quot;:6,&quot;loop_manual&quot;:&quot;manual-endless&quot;,&quot;autoplay_stopper&quot;:false,&quot;noNavigation&quot;:false,&quot;bg_slider&quot;:false,&quot;keep_padding&quot;:false,&quot;hoverpause&quot;:false,&quot;show_slide_delay&quot;:0}\"  itemprop=\"image\" itemscope=\"itemscope\" itemtype=\"https:\/\/schema.org\/ImageObject\" ><ul class='avia-slideshow-inner ' style='padding-bottom: 42%;'><li  class='avia-slideshow-slide av-1oug4f3-5af2ac4c1c48548c5a3d80a94ac099bb__0  slide-1 slide-odd'><div data-rel='slideshow-1' class='avia-slide-wrap '   ><img decoding=\"async\" fetchpriority=\"high\" class=\"wp-image-1054 avia-img-lazy-loading-not-1054\"  src=\"https:\/\/www.eviapartment.it\/wp-content\/uploads\/2015\/06\/eviapartment-pfarrkirche-kuens.jpg\" width=\"1500\" height=\"630\" title='eviapartment-pfarrkirche-kuens' alt=''  itemprop=\"thumbnailUrl\" srcset=\"https:\/\/www.eviapartment.it\/wp-content\/uploads\/2015\/06\/eviapartment-pfarrkirche-kuens.jpg 1500w, https:\/\/www.eviapartment.it\/wp-content\/uploads\/2015\/06\/eviapartment-pfarrkirche-kuens-300x126.jpg 300w, https:\/\/www.eviapartment.it\/wp-content\/uploads\/2015\/06\/eviapartment-pfarrkirche-kuens-1030x433.jpg 1030w, https:\/\/www.eviapartment.it\/wp-content\/uploads\/2015\/06\/eviapartment-pfarrkirche-kuens-705x296.jpg 705w, https:\/\/www.eviapartment.it\/wp-content\/uploads\/2015\/06\/eviapartment-pfarrkirche-kuens-450x189.jpg 450w\" sizes=\"(max-width: 1500px) 100vw, 1500px\" \/><\/div><\/li><li  class='avia-slideshow-slide av-1oug4f3-5af2ac4c1c48548c5a3d80a94ac099bb__1  slide-2 slide-even'><div data-rel='slideshow-1' class='avia-slide-wrap '   ><img decoding=\"async\" fetchpriority=\"high\" class=\"wp-image-1046 avia-img-lazy-loading-not-1046\"  src=\"https:\/\/www.eviapartment.it\/wp-content\/uploads\/2015\/06\/eviapartment-berge.jpg\" width=\"1500\" height=\"630\" title='eviapartment-berge' alt=''  itemprop=\"thumbnailUrl\" srcset=\"https:\/\/www.eviapartment.it\/wp-content\/uploads\/2015\/06\/eviapartment-berge.jpg 1500w, https:\/\/www.eviapartment.it\/wp-content\/uploads\/2015\/06\/eviapartment-berge-300x126.jpg 300w, https:\/\/www.eviapartment.it\/wp-content\/uploads\/2015\/06\/eviapartment-berge-1030x433.jpg 1030w, https:\/\/www.eviapartment.it\/wp-content\/uploads\/2015\/06\/eviapartment-berge-705x296.jpg 705w, https:\/\/www.eviapartment.it\/wp-content\/uploads\/2015\/06\/eviapartment-berge-450x189.jpg 450w\" sizes=\"(max-width: 1500px) 100vw, 1500px\" \/><\/div><\/li><li  class='avia-slideshow-slide av-1oug4f3-5af2ac4c1c48548c5a3d80a94ac099bb__2  slide-3 slide-odd'><div data-rel='slideshow-1' class='avia-slide-wrap '   ><img decoding=\"async\" fetchpriority=\"high\" class=\"wp-image-1044 avia-img-lazy-loading-not-1044\"  src=\"https:\/\/www.eviapartment.it\/wp-content\/uploads\/2015\/06\/eviapartment-apfelbluete.jpg\" width=\"1500\" height=\"630\" title='eviapartment-apfelbluete' alt=''  itemprop=\"thumbnailUrl\" srcset=\"https:\/\/www.eviapartment.it\/wp-content\/uploads\/2015\/06\/eviapartment-apfelbluete.jpg 1500w, https:\/\/www.eviapartment.it\/wp-content\/uploads\/2015\/06\/eviapartment-apfelbluete-300x126.jpg 300w, https:\/\/www.eviapartment.it\/wp-content\/uploads\/2015\/06\/eviapartment-apfelbluete-1030x433.jpg 1030w, https:\/\/www.eviapartment.it\/wp-content\/uploads\/2015\/06\/eviapartment-apfelbluete-705x296.jpg 705w, https:\/\/www.eviapartment.it\/wp-content\/uploads\/2015\/06\/eviapartment-apfelbluete-450x189.jpg 450w\" sizes=\"(max-width: 1500px) 100vw, 1500px\" \/><\/div><\/li><li  class='avia-slideshow-slide av-1oug4f3-5af2ac4c1c48548c5a3d80a94ac099bb__3  slide-4 slide-even'><div data-rel='slideshow-1' class='avia-slide-wrap '   ><img decoding=\"async\" fetchpriority=\"high\" class=\"wp-image-1042 avia-img-lazy-loading-not-1042\"  src=\"https:\/\/www.eviapartment.it\/wp-content\/uploads\/2015\/06\/eviapartment-almwiese.jpg\" width=\"1500\" height=\"630\" title='eviapartment-almwiese' alt=''  itemprop=\"thumbnailUrl\" srcset=\"https:\/\/www.eviapartment.it\/wp-content\/uploads\/2015\/06\/eviapartment-almwiese.jpg 1500w, https:\/\/www.eviapartment.it\/wp-content\/uploads\/2015\/06\/eviapartment-almwiese-300x126.jpg 300w, https:\/\/www.eviapartment.it\/wp-content\/uploads\/2015\/06\/eviapartment-almwiese-1030x433.jpg 1030w, https:\/\/www.eviapartment.it\/wp-content\/uploads\/2015\/06\/eviapartment-almwiese-705x296.jpg 705w, https:\/\/www.eviapartment.it\/wp-content\/uploads\/2015\/06\/eviapartment-almwiese-450x189.jpg 450w\" sizes=\"(max-width: 1500px) 100vw, 1500px\" \/><\/div><\/li><li  class='avia-slideshow-slide av-1oug4f3-5af2ac4c1c48548c5a3d80a94ac099bb__4  slide-5 slide-odd'><div data-rel='slideshow-1' class='avia-slide-wrap '   ><img decoding=\"async\" fetchpriority=\"high\" class=\"wp-image-1056 avia-img-lazy-loading-not-1056\"  src=\"https:\/\/www.eviapartment.it\/wp-content\/uploads\/2015\/06\/eviapartment-sonnenaufgang-berggipfel.jpg\" width=\"1500\" height=\"630\" title='eviapartment-sonnenaufgang-berggipfel' alt=''  itemprop=\"thumbnailUrl\" srcset=\"https:\/\/www.eviapartment.it\/wp-content\/uploads\/2015\/06\/eviapartment-sonnenaufgang-berggipfel.jpg 1500w, https:\/\/www.eviapartment.it\/wp-content\/uploads\/2015\/06\/eviapartment-sonnenaufgang-berggipfel-300x126.jpg 300w, https:\/\/www.eviapartment.it\/wp-content\/uploads\/2015\/06\/eviapartment-sonnenaufgang-berggipfel-1030x433.jpg 1030w, https:\/\/www.eviapartment.it\/wp-content\/uploads\/2015\/06\/eviapartment-sonnenaufgang-berggipfel-705x296.jpg 705w, https:\/\/www.eviapartment.it\/wp-content\/uploads\/2015\/06\/eviapartment-sonnenaufgang-berggipfel-450x189.jpg 450w\" sizes=\"(max-width: 1500px) 100vw, 1500px\" \/><\/div><\/li><li  class='avia-slideshow-slide av-1oug4f3-5af2ac4c1c48548c5a3d80a94ac099bb__5  slide-6 slide-even'><div data-rel='slideshow-1' class='avia-slide-wrap '   ><img decoding=\"async\" fetchpriority=\"high\" class=\"wp-image-1048 avia-img-lazy-loading-not-1048\"  src=\"https:\/\/www.eviapartment.it\/wp-content\/uploads\/2015\/06\/eviapartment-fruehling-ziegen.jpg\" width=\"1500\" height=\"630\" title='eviapartment-fruehling-ziegen' alt=''  itemprop=\"thumbnailUrl\" srcset=\"https:\/\/www.eviapartment.it\/wp-content\/uploads\/2015\/06\/eviapartment-fruehling-ziegen.jpg 1500w, https:\/\/www.eviapartment.it\/wp-content\/uploads\/2015\/06\/eviapartment-fruehling-ziegen-300x126.jpg 300w, https:\/\/www.eviapartment.it\/wp-content\/uploads\/2015\/06\/eviapartment-fruehling-ziegen-1030x433.jpg 1030w, https:\/\/www.eviapartment.it\/wp-content\/uploads\/2015\/06\/eviapartment-fruehling-ziegen-705x296.jpg 705w, https:\/\/www.eviapartment.it\/wp-content\/uploads\/2015\/06\/eviapartment-fruehling-ziegen-450x189.jpg 450w\" sizes=\"(max-width: 1500px) 100vw, 1500px\" \/><\/div><\/li><li  class='avia-slideshow-slide av-1oug4f3-5af2ac4c1c48548c5a3d80a94ac099bb__6  slide-7 slide-odd'><div data-rel='slideshow-1' class='avia-slide-wrap '   ><img decoding=\"async\" fetchpriority=\"high\" class=\"wp-image-1050 avia-img-lazy-loading-not-1050\"  src=\"https:\/\/www.eviapartment.it\/wp-content\/uploads\/2015\/06\/eviapartment-herbst.jpg\" width=\"1500\" height=\"630\" title='eviapartment-herbst' alt=''  itemprop=\"thumbnailUrl\" srcset=\"https:\/\/www.eviapartment.it\/wp-content\/uploads\/2015\/06\/eviapartment-herbst.jpg 1500w, https:\/\/www.eviapartment.it\/wp-content\/uploads\/2015\/06\/eviapartment-herbst-300x126.jpg 300w, https:\/\/www.eviapartment.it\/wp-content\/uploads\/2015\/06\/eviapartment-herbst-1030x433.jpg 1030w, https:\/\/www.eviapartment.it\/wp-content\/uploads\/2015\/06\/eviapartment-herbst-705x296.jpg 705w, https:\/\/www.eviapartment.it\/wp-content\/uploads\/2015\/06\/eviapartment-herbst-450x189.jpg 450w\" sizes=\"(max-width: 1500px) 100vw, 1500px\" \/><\/div><\/li><li  class='avia-slideshow-slide av-1oug4f3-5af2ac4c1c48548c5a3d80a94ac099bb__7  slide-8 slide-even'><div data-rel='slideshow-1' class='avia-slide-wrap '   ><img decoding=\"async\" fetchpriority=\"high\" class=\"wp-image-1052 avia-img-lazy-loading-not-1052\"  src=\"https:\/\/www.eviapartment.it\/wp-content\/uploads\/2015\/06\/eviapartment-obisell.jpg\" width=\"1500\" height=\"630\" title='eviapartment-obisell' alt=''  itemprop=\"thumbnailUrl\" srcset=\"https:\/\/www.eviapartment.it\/wp-content\/uploads\/2015\/06\/eviapartment-obisell.jpg 1500w, https:\/\/www.eviapartment.it\/wp-content\/uploads\/2015\/06\/eviapartment-obisell-300x126.jpg 300w, https:\/\/www.eviapartment.it\/wp-content\/uploads\/2015\/06\/eviapartment-obisell-1030x433.jpg 1030w, https:\/\/www.eviapartment.it\/wp-content\/uploads\/2015\/06\/eviapartment-obisell-705x296.jpg 705w, https:\/\/www.eviapartment.it\/wp-content\/uploads\/2015\/06\/eviapartment-obisell-450x189.jpg 450w\" sizes=\"(max-width: 1500px) 100vw, 1500px\" \/><\/div><\/li><\/ul><div class='avia-slideshow-arrows avia-slideshow-controls' ><a href='#prev' class='prev-slide  avia-svg-icon avia-font-svg_entypo-fontello' data-av_svg_icon='left-open-big' data-av_iconset='svg_entypo-fontello' tabindex='-1' title=\"Prec\"><svg version=\"1.1\" xmlns=\"http:\/\/www.w3.org\/2000\/svg\" width=\"15\" height=\"32\" viewBox=\"0 0 15 32\" preserveAspectRatio=\"xMidYMid meet\" aria-labelledby='av-svg-title-1' aria-describedby='av-svg-desc-1' role=\"graphics-symbol\" aria-hidden=\"true\">\n<title id='av-svg-title-1'>Prec<\/title>\n<desc id='av-svg-desc-1'>Prec<\/desc>\n<path d=\"M14.464 27.84q0.832 0.832 0 1.536-0.832 0.832-1.536 0l-12.544-12.608q-0.768-0.768 0-1.6l12.544-12.608q0.704-0.832 1.536 0 0.832 0.704 0 1.536l-11.456 11.904z\"><\/path>\n<\/svg><span class='avia_hidden_link_text'>Prec<\/span><\/a><a href='#next' class='next-slide  avia-svg-icon avia-font-svg_entypo-fontello' data-av_svg_icon='right-open-big' data-av_iconset='svg_entypo-fontello' tabindex='-1' title=\"Succ\"><svg version=\"1.1\" xmlns=\"http:\/\/www.w3.org\/2000\/svg\" width=\"15\" height=\"32\" viewBox=\"0 0 15 32\" preserveAspectRatio=\"xMidYMid meet\" aria-labelledby='av-svg-title-2' aria-describedby='av-svg-desc-2' role=\"graphics-symbol\" aria-hidden=\"true\">\n<title id='av-svg-title-2'>Succ<\/title>\n<desc id='av-svg-desc-2'>Succ<\/desc>\n<path d=\"M0.416 27.84l11.456-11.84-11.456-11.904q-0.832-0.832 0-1.536 0.832-0.832 1.536 0l12.544 12.608q0.768 0.832 0 1.6l-12.544 12.608q-0.704 0.832-1.536 0-0.832-0.704 0-1.536z\"><\/path>\n<\/svg><span class='avia_hidden_link_text'>Succ<\/span><\/a><\/div><div class='avia-slideshow-dots avia-slideshow-controls'><a href='#1' class='goto-slide active' >1<\/a><a href='#2' class='goto-slide ' >2<\/a><a href='#3' class='goto-slide ' >3<\/a><a href='#4' class='goto-slide ' >4<\/a><a href='#5' class='goto-slide ' >5<\/a><a href='#6' class='goto-slide ' >6<\/a><a href='#7' class='goto-slide ' >7<\/a><a href='#8' class='goto-slide ' >8<\/a><\/div><\/div><\/div>\n<div id='av-layout-grid-1'  class='av-layout-grid-container av-1a2re27-8fd7e7c65dd98d52752f3fb506ca0169 entry-content-wrapper main_color av-flex-cells  avia-builder-el-1  el_after_av_slideshow_full  avia-builder-el-last  grid-row-not-first  container_wrap fullsize'  >\n\n<style type=\"text\/css\" data-created_by=\"avia_inline_auto\" id=\"style-css-av-17g2ean-e2ba430b5777654092e62dacee2fb28b\">\n.flex_cell.av-17g2ean-e2ba430b5777654092e62dacee2fb28b{\nvertical-align:top;\n}\n.responsive #top #wrap_all .flex_cell.av-17g2ean-e2ba430b5777654092e62dacee2fb28b{\npadding:30px 30px 30px 30px !important;\n}\n<\/style>\n<div class='flex_cell av-17g2ean-e2ba430b5777654092e62dacee2fb28b av-gridrow-cell av_one_half no_margin  avia-builder-el-2  el_before_av_cell_one_half  avia-builder-el-first  content-align-top'  ><div class='flex_cell_inner'><p>\n<style type=\"text\/css\" data-created_by=\"avia_inline_auto\" id=\"style-css-av-2tiv1r-4ec216b78a4d0a9b810af19ec6a896d8\">\n#top .av-special-heading.av-2tiv1r-4ec216b78a4d0a9b810af19ec6a896d8{\npadding-bottom:10px;\n}\nbody .av-special-heading.av-2tiv1r-4ec216b78a4d0a9b810af19ec6a896d8 .av-special-heading-tag .heading-char{\nfont-size:25px;\n}\n.av-special-heading.av-2tiv1r-4ec216b78a4d0a9b810af19ec6a896d8 .av-subheading{\nfont-size:15px;\n}\n<\/style>\n<div  class='av-special-heading av-2tiv1r-4ec216b78a4d0a9b810af19ec6a896d8 av-special-heading-h2  avia-builder-el-3  el_before_av_hr  avia-builder-el-first '><h2 class='av-special-heading-tag '  itemprop=\"headline\"  >Caines e dintorni<\/h2><div class=\"special-heading-border\"><div class=\"special-heading-inner-border\"><\/div><\/div><\/div><br \/>\n\n<style type=\"text\/css\" data-created_by=\"avia_inline_auto\" id=\"style-css-av-14zmgdr-94945c5b760f6ae3d55355591213a2ba\">\n#top .hr.hr-invisible.av-14zmgdr-94945c5b760f6ae3d55355591213a2ba{\nheight:10px;\n}\n<\/style>\n<div  class='hr av-14zmgdr-94945c5b760f6ae3d55355591213a2ba hr-invisible  avia-builder-el-4  el_after_av_heading  el_before_av_image '><span class='hr-inner '><span class=\"hr-inner-style\"><\/span><\/span><\/div><br \/>\n\n<style type=\"text\/css\" data-created_by=\"avia_inline_auto\" id=\"style-css-av-13gd7q7-130f06e5400a2373b7f7e6ddc6064866\">\n.avia-image-container.av-13gd7q7-130f06e5400a2373b7f7e6ddc6064866 img.avia_image{\nbox-shadow:none;\n}\n.avia-image-container.av-13gd7q7-130f06e5400a2373b7f7e6ddc6064866 .av-image-caption-overlay-center{\ncolor:#ffffff;\nfont-size:13px;\n}\n<\/style>\n<div  class='avia-image-container av-13gd7q7-130f06e5400a2373b7f7e6ddc6064866 av-styling- av-hover-grow av-img-linked avia_animated_image av-animated-when-visible-95 left-to-right avia-align-center  avia-builder-el-5  el_after_av_hr  el_before_av_hr '   itemprop=\"image\" itemscope=\"itemscope\" itemtype=\"https:\/\/schema.org\/ImageObject\" ><div class=\"avia-image-container-inner\"><div class=\"avia-image-overlay-wrap\"><a href=\"https:\/\/www.eviapartment.it\/wp-content\/uploads\/2015\/06\/eviapartment-passerschlucht-1030x412.jpg\" data-srcset=\"https:\/\/www.eviapartment.it\/wp-content\/uploads\/2015\/06\/eviapartment-passerschlucht.jpg 1030w, https:\/\/www.eviapartment.it\/wp-content\/uploads\/2015\/06\/eviapartment-passerschlucht-300x120.jpg 300w, https:\/\/www.eviapartment.it\/wp-content\/uploads\/2015\/06\/eviapartment-passerschlucht-705x282.jpg 705w, https:\/\/www.eviapartment.it\/wp-content\/uploads\/2015\/06\/eviapartment-passerschlucht-450x180.jpg 450w\" data-sizes=\"(max-width: 1030px) 100vw, 1030px\" class='avia_image '  aria-label='La Gola del Passirio'><img decoding=\"async\" fetchpriority=\"high\" class='wp-image-768 avia-img-lazy-loading-not-768 avia_image ' src=\"https:\/\/www.eviapartment.it\/wp-content\/uploads\/2015\/06\/eviapartment-passerschlucht.jpg\" alt='' title='La Gola del Passirio'  height=\"412\" width=\"1030\"  itemprop=\"thumbnailUrl\" srcset=\"https:\/\/www.eviapartment.it\/wp-content\/uploads\/2015\/06\/eviapartment-passerschlucht.jpg 1030w, https:\/\/www.eviapartment.it\/wp-content\/uploads\/2015\/06\/eviapartment-passerschlucht-300x120.jpg 300w, https:\/\/www.eviapartment.it\/wp-content\/uploads\/2015\/06\/eviapartment-passerschlucht-705x282.jpg 705w, https:\/\/www.eviapartment.it\/wp-content\/uploads\/2015\/06\/eviapartment-passerschlucht-450x180.jpg 450w\" sizes=\"(max-width: 1030px) 100vw, 1030px\" \/><\/a><\/div><\/div><\/div><br \/>\n\n<style type=\"text\/css\" data-created_by=\"avia_inline_auto\" id=\"style-css-av-11qgryn-b99dced9ae065cf918e8e061d47ec551\">\n#top .hr.hr-invisible.av-11qgryn-b99dced9ae065cf918e8e061d47ec551{\nheight:10px;\n}\n<\/style>\n<div  class='hr av-11qgryn-b99dced9ae065cf918e8e061d47ec551 hr-invisible  avia-builder-el-6  el_after_av_image  el_before_av_textblock '><span class='hr-inner '><span class=\"hr-inner-style\"><\/span><\/span><\/div><br \/>\n<section  class='av_textblock_section av-zgu17j-abdd15ace4c1809ee305ad586544a1e3 '   itemscope=\"itemscope\" itemtype=\"https:\/\/schema.org\/CreativeWork\" ><div class='avia_textblock'  itemprop=\"text\" ><h1>La Gola del Passirio &#8211; uno spettacolo della natura<\/h1>\n<p><strong><a href=\"https:\/\/www.eviapartment.it\/\/wp-content\/uploads\/2015\/06\/eviapartment-passerschlucht2.jpg\"><img loading=\"lazy\" decoding=\"async\" class=\"alignleft wp-image-772 size-medium\" src=\"https:\/\/www.eviapartment.it\/\/wp-content\/uploads\/2015\/06\/eviapartment-passerschlucht2-188x300.jpg\" alt=\"eviapartment-passerschlucht2\" width=\"188\" height=\"300\" srcset=\"https:\/\/www.eviapartment.it\/wp-content\/uploads\/2015\/06\/eviapartment-passerschlucht2-188x300.jpg 188w, https:\/\/www.eviapartment.it\/wp-content\/uploads\/2015\/06\/eviapartment-passerschlucht2-442x705.jpg 442w, https:\/\/www.eviapartment.it\/wp-content\/uploads\/2015\/06\/eviapartment-passerschlucht2-450x719.jpg 450w, https:\/\/www.eviapartment.it\/wp-content\/uploads\/2015\/06\/eviapartment-passerschlucht2.jpg 501w\" sizes=\"auto, (max-width: 188px) 100vw, 188px\" \/><\/a>Il primo tratto &#8211;<\/strong> Il sentiero per la gola del Passirio ha inizio nel centro di San Leonardo e, attraversando il campo sportivo, porta in direzione di Gomion. Parcheggi gratuiti si possono trovare sia in centro che presso il campo sportivo.<\/p>\n<p><strong>Lungo il fondovalle &#8211;<\/strong> Appena sotto Gomion si trova un grande bacino di raccolta d\u2019acqua con fauna e flora particolarmente interessanti. Dopo il bacino, il sentiero attraversa il fiume e fino a Moso segue la riva sinistra del Passirio. Passando vicino a rocce enormi e attraversando tratti boscosi, il sentiero segue da vicino il corso del fiume che scorre tranquillo lungo un percorso scolpito nei secoli tra cascatelle e bacini. Particolarmente interessante e\u0300 il tratto detto Kleiner Stieber vicino a Langwies, dove il Passirio ha scolpito il suo corso stretto tra le rocce imponenti per cascare poi in un ampio bacino. Qui, dopo circa tre chilometri, inizia la parte selvaggia del sentiero.<\/p>\n<p><strong>Ripidi pendii e romantici boschi &#8211;<\/strong> Dopo la vecchia centrale idroelettrica di Gomion, il sentiero attraversa il rio Saldern Bach, passa per ripide scarpate rocciose e sale poi a serpentina per circa 200 metri d\u2019altitudine. Da qui si ha una magnifica vista sulle pareti rocciose sotto Stulles, attraversate da diverse cascate tra le quali la terza cascata d\u2019Europa per altezza. A questo punto il sentiero attraversa alcuni tratti boscosi molto ripidi, taglia circa a meta\u0300 la parete rocciosa Prantl, alta piu\u0300 di 200 metri, e scende, attraversando un altro tratto boscoso, fino alla gola del Passirio. \n<style type=\"text\/css\" data-created_by=\"avia_inline_auto\" id=\"style-css-av-3h075b-33b1d48f3d08f345ad42fc2688fdb943\">\n.av_font_icon.av-3h075b-33b1d48f3d08f345ad42fc2688fdb943 .av-icon-char{\nfont-size:40px;\nline-height:40px;\nwidth:40px;\n}\n<\/style>\n<span  class='av_font_icon av-3h075b-33b1d48f3d08f345ad42fc2688fdb943 avia_animate_when_visible av-icon-style-border avia-icon-pos-right avia-iconfont avia-font-entypo-fontello av-no-color avia-icon-animate'><a href='https:\/\/www.eviapartment.it\/\/wp-content\/uploads\/2015\/07\/P1510_Wasserwege_Pocketcard_IT_low.pdf'  target=\"_blank\"  rel=\"noopener noreferrer\"  class='av-icon-char' data-av_icon='\ue843' data-av_iconfont='entypo-fontello' aria-hidden=\"false\" data-avia-icon-tooltip=\" Gola del Passirio Download \"><\/a><span class='av_icon_caption av-special-font'>Gola del Passirio Download<\/span><\/span><\/p>\n<p>Qui si possono ammirare <strong>straordinari percorsi e giochi d\u2019acqua e formazioni rocciose delle piu\u0300 varie.<\/strong> Il sentiero attraversa poi il ponte sull\u2019argine di protezione e da qui segue la vecchia strada carrabile fino a Moso.<\/p>\n<\/div><\/section><br \/>\n\n<style type=\"text\/css\" data-created_by=\"avia_inline_auto\" id=\"style-css-av-ws3qjz-282f18be6c70b7e4f70be8648c796bd4\">\n#top .hr.hr-invisible.av-ws3qjz-282f18be6c70b7e4f70be8648c796bd4{\nheight:30px;\n}\n<\/style>\n<div  class='hr av-ws3qjz-282f18be6c70b7e4f70be8648c796bd4 hr-invisible  avia-builder-el-9  el_after_av_textblock  el_before_av_image '><span class='hr-inner '><span class=\"hr-inner-style\"><\/span><\/span><\/div><br \/>\n\n<style type=\"text\/css\" data-created_by=\"avia_inline_auto\" id=\"style-css-av-uhr25r-f95a77037ca49bdb87d78c1cf4c15bd6\">\n.avia-image-container.av-uhr25r-f95a77037ca49bdb87d78c1cf4c15bd6 img.avia_image{\nbox-shadow:none;\n}\n.avia-image-container.av-uhr25r-f95a77037ca49bdb87d78c1cf4c15bd6 .av-image-caption-overlay-center{\ncolor:#ffffff;\nfont-size:13px;\n}\n<\/style>\n<div  class='avia-image-container av-uhr25r-f95a77037ca49bdb87d78c1cf4c15bd6 av-styling- av-hover-grow av-img-linked avia_animated_image av-animated-when-visible-95 left-to-right avia-align-center  avia-builder-el-10  el_after_av_hr  el_before_av_hr '   itemprop=\"image\" itemscope=\"itemscope\" itemtype=\"https:\/\/schema.org\/ImageObject\" ><div class=\"avia-image-container-inner\"><div class=\"avia-image-overlay-wrap\"><a href=\"https:\/\/www.eviapartment.it\/wp-content\/uploads\/2015\/06\/eviapartment_waalwege-1030x728.jpg\" data-srcset=\"https:\/\/www.eviapartment.it\/wp-content\/uploads\/2015\/06\/eviapartment_waalwege.jpg 1030w, https:\/\/www.eviapartment.it\/wp-content\/uploads\/2015\/06\/eviapartment_waalwege-300x212.jpg 300w, https:\/\/www.eviapartment.it\/wp-content\/uploads\/2015\/06\/eviapartment_waalwege-260x185.jpg 260w, https:\/\/www.eviapartment.it\/wp-content\/uploads\/2015\/06\/eviapartment_waalwege-705x498.jpg 705w, https:\/\/www.eviapartment.it\/wp-content\/uploads\/2015\/06\/eviapartment_waalwege-450x318.jpg 450w\" data-sizes=\"(max-width: 1030px) 100vw, 1030px\" class='avia_image '  aria-label='Le Rogge di Caines'><img decoding=\"async\" fetchpriority=\"high\" class='wp-image-1418 avia-img-lazy-loading-not-1418 avia_image ' src=\"https:\/\/www.eviapartment.it\/wp-content\/uploads\/2015\/06\/eviapartment_waalwege-1030x430.jpg\" alt='' title='Le Rogge di Caines'  height=\"430\" width=\"1030\"  itemprop=\"thumbnailUrl\"  \/><\/a><\/div><\/div><\/div><br \/>\n\n<style type=\"text\/css\" data-created_by=\"avia_inline_auto\" id=\"style-css-av-tq7rfj-23155a79a8a33db653150de49d104789\">\n#top .hr.hr-invisible.av-tq7rfj-23155a79a8a33db653150de49d104789{\nheight:15px;\n}\n<\/style>\n<div  class='hr av-tq7rfj-23155a79a8a33db653150de49d104789 hr-invisible  avia-builder-el-11  el_after_av_image  el_before_av_textblock '><span class='hr-inner '><span class=\"hr-inner-style\"><\/span><\/span><\/div><br \/>\n<section  class='av_textblock_section av-qoypxb-b4fe9875a5f52250b0af705177bf6a1b '   itemscope=\"itemscope\" itemtype=\"https:\/\/schema.org\/CreativeWork\" ><div class='avia_textblock'  itemprop=\"text\" ><h1>Rogge Val Passiria<\/h1>\n<p>Le rogge sono <strong>piccoli canali d\u2018 irrigazione antichissimi,<\/strong> che ancora oggi sono utilizzati in alcune zone per <strong>l\u2018irrigazione di campi e prati.<\/strong><\/p>\n<p><strong>ATTENZIONE:<\/strong> Si prega di non buttare oggetti nelle rogge e di non spostare mai le tavole di condivisione!<\/p>\n<\/div><\/section><br \/>\n<div  class='togglecontainer av-qa20xr-18daa0d71cbec3f04a96356012d27d09  avia-builder-el-13  el_after_av_textblock  el_before_av_hr  toggle_close_all' >\n<section class='av_toggle_section av-o7jev3-4baf945cb8a6dcd9a0ae9bccfcd379ad'  itemscope=\"itemscope\" itemtype=\"https:\/\/schema.org\/CreativeWork\" ><div role=\"tablist\" class=\"single_toggle\" data-tags=\"{Tutto} \"  ><p id='toggle-toggle-id-1' data-fake-id='#toggle-id-1' class='toggler  activeTitle av-title-above '  itemprop=\"headline\"  role='tab' tabindex='0' aria-controls='toggle-id-1' data-slide-speed=\"200\" data-title=\"1) CANALE D\u2019IRRIGAZIONE DI CAINES\" data-title-open=\"\" data-aria_collapsed=\"Clicca per espandere: 1) CANALE D\u2019IRRIGAZIONE DI CAINES\" data-aria_expanded=\"Fare clic per chiudere: 1) CANALE D\u2019IRRIGAZIONE DI CAINES\">1) CANALE D\u2019IRRIGAZIONE DI CAINES<span class=\"toggle_icon\"><span class=\"vert_icon\"><\/span><span class=\"hor_icon\"><\/span><\/span><\/p><div id='toggle-id-1' aria-labelledby='toggle-toggle-id-1' role='region' class='toggle_wrap  active_tc av-title-above' style='display:block;' ><div class='toggle_content invers-color '  itemprop=\"text\" ><p><strong>Caines &#8211; ristorante \u201eUngericht\u201c &#8211; maso \u201eMutlechnerhof\u201c &#8211; \u201eWaalweg\u201c di Caines &#8211; Longfall &#8211; \u201eWaalweg\u201c inferiore &#8211; via Caine<\/strong><\/p>\n<p><strong>Descrizione:<\/strong> Dal ristorante \u201eUngericht\u201c (Schalenstein) si percorre per ca. 10 minuti la stradina che porta al maso \u201eMutlechnerhof\u201c (837m), dove un percorso segnato, in ulteriori 15 minuti, porta al \u201eWaalweg\u201c di Caines, un sistema d\u2018irrigazione risalente a oltre 600 anni (documento ufficiale presso il \u201eH\u00fctterhof\u201c a Caines). Come tutte le \u201eWaalwege\u201c anche questo \u00e8 un percorso pianeggiante che conduce, in ca. 90 min., fino alla sua origine nei pressi del Rio Finelebach (1.020m). (Possibilit\u00e0 di ristorazione presso il maso \u201eLongfallhof\u201c). Passato un ponticello, si prosegue per alcune centinaia di metri a destra del \u201eWaalweg\u201c scendendo a valle, e si gira poi bruscamente a sinistra fino al percorso inferiore dello stesso \u201eWaalweg\u201c che riconduce, attraverso un percorso ombreggiato, al ristorante \u201eUngericht\u201c.<\/p>\n<p><strong>Durata:<\/strong> ca. 2,5 ore<br \/>\n<strong>Lunghezza:<\/strong> 5 km<br \/>\n<strong>Difficolt\u00e0:<\/strong> facile e senza nessuna difficolt\u00e0<\/p>\n<\/div><\/div><\/div><\/section>\n<section class='av_toggle_section av-n2e58v-053f6c76e2666105d7e899cd27dd860d'  itemscope=\"itemscope\" itemtype=\"https:\/\/schema.org\/CreativeWork\" ><div role=\"tablist\" class=\"single_toggle\" data-tags=\"{Tutto} \"  ><p id='toggle-toggle-id-2' data-fake-id='#toggle-id-2' class='toggler  av-title-above '  itemprop=\"headline\"  role='tab' tabindex='0' aria-controls='toggle-id-2' data-slide-speed=\"200\" data-title=\"2) CANALE D\u2019IRRIGAZIONE DI RIFIANO\" data-title-open=\"\" data-aria_collapsed=\"Clicca per espandere: 2) CANALE D\u2019IRRIGAZIONE DI RIFIANO\" data-aria_expanded=\"Fare clic per chiudere: 2) CANALE D\u2019IRRIGAZIONE DI RIFIANO\">2) CANALE D\u2019IRRIGAZIONE DI RIFIANO<span class=\"toggle_icon\"><span class=\"vert_icon\"><\/span><span class=\"hor_icon\"><\/span><\/span><\/p><div id='toggle-id-2' aria-labelledby='toggle-toggle-id-2' role='region' class='toggle_wrap  av-title-above'  ><div class='toggle_content invers-color '  itemprop=\"text\" ><p><strong>Rifiano centro &#8211; via della Chiesa &#8211; via R\u00f6ssl &#8211; \u201eWaalweg\u201c &#8211; Caines &#8211; Valle di Caines<\/strong><\/p>\n<p><strong>Descrizione:<\/strong> Si sale la roggia attraverso via della Chiesa e via R\u00f6ssl. La via R\u00f6ssl svolta a sinistra dopo ca. 400m dalla via della Chiesa e conduce, in leggera salita, fino al poligono di tiro, dove inizia la roggia. Questo percorso, tra il limite del bosco e i prati, porta fino a Caines e finisce nella Valle di Caines. Il ritorno pu\u00f2 avvenire attraverso la strada principale di Caines, il sentiero \u201eValtmaun\u201c e poi la via Hohl. Il punto terminale del \u201eWaalweg\u201c, nella Valle di Caines, si pu\u00f2 anche raggiungere con l\u2018automobile (parcheggio) per poi incamminarsi verso Rifiano (ca. 45 minuti).<\/p>\n<p><strong>Durata:<\/strong> ca. 1,5 ore<br \/>\n<strong>Lunghezza:<\/strong> ca. 3km<br \/>\n<strong>Difficolt\u00e0:<\/strong> facile e senza nessuna difficolt\u00e0<\/p>\n<\/div><\/div><\/div><\/section>\n<section class='av_toggle_section av-k4shof-d7f68038560161be14736fcfff71f460'  itemscope=\"itemscope\" itemtype=\"https:\/\/schema.org\/CreativeWork\" ><div role=\"tablist\" class=\"single_toggle\" data-tags=\"{Tutto} \"  ><p id='toggle-toggle-id-3' data-fake-id='#toggle-id-3' class='toggler  av-title-above '  itemprop=\"headline\"  role='tab' tabindex='0' aria-controls='toggle-id-3' data-slide-speed=\"200\" data-title=\"3) CANALE D\u2019IRRIGAZIONE DI MAIA\" data-title-open=\"\" data-aria_collapsed=\"Clicca per espandere: 3) CANALE D\u2019IRRIGAZIONE DI MAIA\" data-aria_expanded=\"Fare clic per chiudere: 3) CANALE D\u2019IRRIGAZIONE DI MAIA\">3) CANALE D\u2019IRRIGAZIONE DI MAIA<span class=\"toggle_icon\"><span class=\"vert_icon\"><\/span><span class=\"hor_icon\"><\/span><\/span><\/p><div id='toggle-id-3' aria-labelledby='toggle-toggle-id-3' role='region' class='toggle_wrap  av-title-above'  ><div class='toggle_content invers-color '  itemprop=\"text\" ><p><strong>Scena \u2013 Roggia dia Maia \u2013 Via Riffiano \u2013 Scena<\/strong><\/p>\n<p><strong>Descrizione:<\/strong> Dal Schennerhof deviare verso il sentiero Katnau e Leiter, che portano, passando Innerleiter, alla roggia di Maia. Seguendo il sentiero, sempre piano, si arriva attraversando il Schnuggenbach, al Petaunerhof e avanti fino al sentiero di Rifiano, il quale porta di ritorno a Scena.<\/p>\n<p><strong>Durata:<\/strong> ca. 2 ore<br \/>\n<strong>Lunghezza:<\/strong> ca. 8 km<br \/>\n<strong>Difficolt\u00e0:<\/strong> facile<\/p>\n<\/div><\/div><\/div><\/section>\n<section class='av_toggle_section av-jhgihb-7a9f054d3886fb013bc20cc13ac27056'  itemscope=\"itemscope\" itemtype=\"https:\/\/schema.org\/CreativeWork\" ><div role=\"tablist\" class=\"single_toggle\" data-tags=\"{Tutto} \"  ><p id='toggle-toggle-id-4' data-fake-id='#toggle-id-4' class='toggler  av-title-above '  itemprop=\"headline\"  role='tab' tabindex='0' aria-controls='toggle-id-4' data-slide-speed=\"200\" data-title=\"4) CANALE D\u2019IRRIGAZIONE DI ULFAS\" data-title-open=\"\" data-aria_collapsed=\"Clicca per espandere: 4) CANALE D\u2019IRRIGAZIONE DI ULFAS\" data-aria_expanded=\"Fare clic per chiudere: 4) CANALE D\u2019IRRIGAZIONE DI ULFAS\">4) CANALE D\u2019IRRIGAZIONE DI ULFAS<span class=\"toggle_icon\"><span class=\"vert_icon\"><\/span><span class=\"hor_icon\"><\/span><\/span><\/p><div id='toggle-id-4' aria-labelledby='toggle-toggle-id-4' role='region' class='toggle_wrap  av-title-above'  ><div class='toggle_content invers-color '  itemprop=\"text\" ><p><strong>Ulfas &#8211; malga di sotto di Ulfas &#8211; canale d\u2018irrigazione &#8211; Ulfas<\/strong><\/p>\n<p><strong>Descrizione:<\/strong> alle fine della frazione Ulfas seguire il sentiero nr. 3 A alla malga di sotto Ulfas. Di ritorno lo stesso percorso.<\/p>\n<p><strong>Durata:<\/strong> ca. 3 ore<br \/>\n<strong>Lunghezza:<\/strong> 9,5 km<br \/>\n<strong>Difficolt\u00e0:<\/strong> facile, sentiero ben segnalato<\/p>\n<\/div><\/div><\/div><\/section>\n<section class='av_toggle_section av-ho59f3-06e41cb5f21f4956a099f25eadf131fa'  itemscope=\"itemscope\" itemtype=\"https:\/\/schema.org\/CreativeWork\" ><div role=\"tablist\" class=\"single_toggle\" data-tags=\"{Tutto} \"  ><p id='toggle-toggle-id-5' data-fake-id='#toggle-id-5' class='toggler  av-title-above '  itemprop=\"headline\"  role='tab' tabindex='0' aria-controls='toggle-id-5' data-slide-speed=\"200\" data-title=\"5) I SENTIERI D\u2018ACQUA MERANESI\" data-title-open=\"\" data-aria_collapsed=\"Clicca per espandere: 5) I SENTIERI D\u2018ACQUA MERANESI\" data-aria_expanded=\"Fare clic per chiudere: 5) I SENTIERI D\u2018ACQUA MERANESI\">5) I SENTIERI D\u2018ACQUA MERANESI<span class=\"toggle_icon\"><span class=\"vert_icon\"><\/span><span class=\"hor_icon\"><\/span><\/span><\/p><div id='toggle-id-5' aria-labelledby='toggle-toggle-id-5' role='region' class='toggle_wrap  av-title-above'  ><div class='toggle_content invers-color '  itemprop=\"text\" ><p>\n<style type=\"text\/css\" data-created_by=\"avia_inline_auto\" id=\"style-css-av-fod8q7-98636f86255f4591b735443f453939e5\">\n.av_font_icon.av-fod8q7-98636f86255f4591b735443f453939e5 .av-icon-char{\nfont-size:40px;\nline-height:40px;\nwidth:40px;\n}\n<\/style>\n<span  class='av_font_icon av-fod8q7-98636f86255f4591b735443f453939e5 avia_animate_when_visible av-icon-style-border avia-icon-pos-right avia-iconfont avia-font-entypo-fontello av-no-color avia-icon-animate'><a href='https:\/\/www.eviapartment.it\/\/wp-content\/uploads\/2015\/07\/2014_Merano_dintorni_sentieri_acqua_meranesi.pdf'  target=\"_blank\"  rel=\"noopener noreferrer\"  class='av-icon-char' data-av_icon='\ue843' data-av_iconfont='entypo-fontello' aria-hidden=\"false\" data-avia-icon-tooltip=\" Sentieri d\u2018Acqua Meranesi Download \"><\/a><span class='av_icon_caption av-special-font'>Sentieri d\u2018Acqua Meranesi Download<\/span><\/span> I Sentieri d\u2018Acqua Meranesi si estendono fino alla mezza montagna della Val d\u2019Adige ed <strong>abbracciano la conca di Merano.<\/strong> Qui gli amanti delle passeggiate possono scoprire il paesaggio della regione in pieno relax percorrendo, per intero o a tappe, <strong>un sentiero di 80 km.<\/strong><\/p>\n<p>I Sentieri d\u2018Acqua Meranesi <strong>sono percorribili tutto l\u2019anno ed uniscono tra loro undici sentieri delle rogge<\/strong> nel territorio meranese sui quali si fa la <strong>scoperta di rifugi e di campanelli delle rogge e di castelli, chiese e meraviglie della natura:<\/strong> la roggia di Lagundo, Caines, Rifiano, Maia, Scena, Brandis a Lana, Cermes, Marlengo, Parcines, Rabl\u00e0 e di Wallburg a Naturno.<\/p>\n<p>Tutti quelli che vogliono prendersela comoda possono percorrere un tratto della passeggiata <strong>anche con l\u2019autobus.<\/strong><\/p>\n<\/div><\/div><\/div><\/section>\n<\/div><br \/>\n\n<style type=\"text\/css\" data-created_by=\"avia_inline_auto\" id=\"style-css-av-tq7rfj-4-3aa66d4e20d30069c2c6430804bd692d\">\n#top .hr.hr-invisible.av-tq7rfj-4-3aa66d4e20d30069c2c6430804bd692d{\nheight:30px;\n}\n<\/style>\n<div  class='hr av-tq7rfj-4-3aa66d4e20d30069c2c6430804bd692d hr-invisible  avia-builder-el-15  el_after_av_toggle_container  el_before_av_image '><span class='hr-inner '><span class=\"hr-inner-style\"><\/span><\/span><\/div><br \/>\n\n<style type=\"text\/css\" data-created_by=\"avia_inline_auto\" id=\"style-css-av-37ej25-a25484907a9c75fc3d5aec8b94cc288f\">\n.avia-image-container.av-37ej25-a25484907a9c75fc3d5aec8b94cc288f img.avia_image{\nbox-shadow:none;\n}\n.avia-image-container.av-37ej25-a25484907a9c75fc3d5aec8b94cc288f .av-image-caption-overlay-center{\ncolor:#ffffff;\nfont-size:13px;\n}\n<\/style>\n<div  class='avia-image-container av-37ej25-a25484907a9c75fc3d5aec8b94cc288f av-styling- av-hover-grow av-hide-overflow avia_animated_image av-animated-when-visible-95 left-to-right avia-align-center  avia-builder-el-16  el_after_av_hr  el_before_av_button_big  avia-builder-el-last '   itemprop=\"image\" itemscope=\"itemscope\" itemtype=\"https:\/\/schema.org\/ImageObject\" ><div class=\"avia-image-container-inner\"><div class=\"avia-image-overlay-wrap\"><img decoding=\"async\" fetchpriority=\"high\" class='wp-image-1715 avia-img-lazy-loading-not-1715 avia_image ' src=\"https:\/\/www.eviapartment.it\/wp-content\/uploads\/2019\/11\/eviapartment_smg03376alfi-1030x430.jpg\" alt='' title='eviapartment_smg03376alfi'  height=\"430\" width=\"1030\"  itemprop=\"thumbnailUrl\" srcset=\"https:\/\/www.eviapartment.it\/wp-content\/uploads\/2019\/11\/eviapartment_smg03376alfi-1030x430.jpg 1030w, https:\/\/www.eviapartment.it\/wp-content\/uploads\/2019\/11\/eviapartment_smg03376alfi-300x126.jpg 300w, https:\/\/www.eviapartment.it\/wp-content\/uploads\/2019\/11\/eviapartment_smg03376alfi-768x322.jpg 768w\" sizes=\"(max-width: 1030px) 100vw, 1030px\" \/><\/div><\/div><\/div><br \/>\n<div  class='avia-button-wrap avia-button-center  avia-builder-el-17  el_after_av_image  avia-builder-el-last '>\n<style type=\"text\/css\" data-created_by=\"avia_inline_auto\" id=\"style-css-av-k2ua34ti-87ce0819dff0ddbb1e0a700a640ed34b\">\n#top #wrap_all .avia-button.av-k2ua34ti-87ce0819dff0ddbb1e0a700a640ed34b:hover{\ncolor:white;\ntransition:all 0.4s ease-in-out;\n}\n#top #wrap_all .avia-button.av-k2ua34ti-87ce0819dff0ddbb1e0a700a640ed34b:hover .avia-svg-icon svg:first-child{\nfill:white;\nstroke:white;\n}\n<\/style>\n<a href='https:\/\/www.merano-suedtirol.it\/it\/val-passiria\/vacanze-in-montagna\/bici-mtb\/piste-ciclabili.html' class='avia-color-theme-color avia-font-color-theme-color avia-button avia-button-fullwidth av-k2ua34ti-87ce0819dff0ddbb1e0a700a640ed34b avia-icon_select-no avia-color-theme-color'  target=\"_blank\"  rel=\"noopener noreferrer\"  aria-label=\"Le pi\u00f9 belle piste ciclabili in Val Passiria\"><span class='avia_iconbox_title' >Le pi\u00f9 belle piste ciclabili in Val Passiria<\/span><div class='av-button-description av-button-description-below'><p>Piste ciclabili e itinerari bike<\/p>\n<\/div><span class='avia_button_background avia-button avia-button-fullwidth avia-color-theme-color-highlight'><\/span><\/a><\/div><\/p>\n<\/div><\/div>\n<style type=\"text\/css\" data-created_by=\"avia_inline_auto\" id=\"style-css-av-dubevj-8442f8fa2f2b3c2946d2a12c7e6ff55b\">\n.flex_cell.av-dubevj-8442f8fa2f2b3c2946d2a12c7e6ff55b{\nvertical-align:top;\nbackground-color:#f7f7f7;\n}\n.responsive #top #wrap_all .flex_cell.av-dubevj-8442f8fa2f2b3c2946d2a12c7e6ff55b{\npadding:40px 40px 40px 40px !important;\n}\n<\/style>\n<div class='flex_cell av-dubevj-8442f8fa2f2b3c2946d2a12c7e6ff55b av-gridrow-cell av_one_half no_margin  avia-builder-el-18  el_after_av_cell_one_half  avia-builder-el-last  content-align-top'  ><div class='flex_cell_inner'><section  class='av_textblock_section av-d2zehr-186cf77484c5fd7dcc9d1131dbb48120 '   itemscope=\"itemscope\" itemtype=\"https:\/\/schema.org\/CreativeWork\" ><div class='avia_textblock'  itemprop=\"text\" ><blockquote>\n<h6>\u201eTutto ci\u00f2 che merita<\/h6>\n<h6>di essere fatto,<\/h6>\n<h6>merita di<\/h6>\n<h6>essere fatto bene.\u201c<\/h6>\n<p>Lord Philipp Chesterfield<\/p>\n<\/blockquote>\n<\/div><\/section><br \/>\n\n<style type=\"text\/css\" data-created_by=\"avia_inline_auto\" id=\"style-css-av-atdavz-8af485bec9db854d9c228d755fa98e50\">\n#top .hr.hr-invisible.av-atdavz-8af485bec9db854d9c228d755fa98e50{\nheight:147px;\n}\n<\/style>\n<div  class='hr av-atdavz-8af485bec9db854d9c228d755fa98e50 hr-invisible  avia-builder-el-20  el_after_av_textblock  el_before_av_icon_box '><span class='hr-inner '><span class=\"hr-inner-style\"><\/span><\/span><\/div><br \/>\n<article  class='iconbox iconbox_top av-jvw0wev1-8f7a610d3382fe599bc07dbeb018188f  avia-builder-el-21  el_after_av_hr  el_before_av_hr  main_color'  itemscope=\"itemscope\" itemtype=\"https:\/\/schema.org\/CreativeWork\" ><div class=\"iconbox_content\"><header class=\"entry-content-header\" aria-label=\"Icona: MuseoPassiria - Andreas Hofer\"><div class='iconbox_icon heading-color avia-iconfont avia-font-entypo-fontello' data-av_icon='\ue81e' data-av_iconfont='entypo-fontello'  ><\/div><h3 class='iconbox_content_title '  itemprop=\"headline\" >MuseoPassiria - Andreas Hofer<\/h3><\/header><div class='iconbox_content_container '  itemprop=\"text\" ><p style=\"text-align: left;\"><img loading=\"lazy\" decoding=\"async\" class=\"alignleft size-medium wp-image-781\" src=\"https:\/\/www.eviapartment.it\/\/wp-content\/uploads\/2015\/06\/eviapartment-andreas-hofer-300x278.jpg\" alt=\"eviapartment-andreas-hofer\" width=\"300\" height=\"278\" \/><\/p>\n<p style=\"text-align: left;\"><strong>Il museo al Sandhof in Passiria,<\/strong> la casa di <strong>Andreas Hofer (1767-1810),<\/strong> racconta in modo avvincente e piacevole in che modo il barbuto oste e commerciante di bestiame divenne l`eroe popolare tirolese.<\/p>\n<p style=\"text-align: left;\"><strong>La mostra \u201cEroi &amp; Noi\u201d<\/strong> traccia un arco solo apparentemente ampio tra le sollevazioni in Tirolo del 1809 e Nelson Mandela ed altri eroi del nostro tempo, passando persino per Superman. Un arco che riunisce figure alquanto diverse tra loro e che pone una domanda senza tempo e dunque attualissima: perch\u00e9 abbiamo bisogno di eroi?<\/p>\n<p style=\"text-align: left;\"><strong>Un maso nell\u2019area all\u2019aperto<\/strong> invita a soffermarsi e illustra la <strong>cultura popolare della valle.<\/strong> Le sedi esterne di <strong>Castel Giovo, del cimitero dei francesi e della malga-museo di Pfistrad<\/strong> fanno parte integrante del MuseoPassiria, che inoltre cura il Bunker Mooseum.<\/p>\n<p style=\"text-align: left;\"><strong>Orario d&#8217;apertura Museo Passiria: \n<style type=\"text\/css\" data-created_by=\"avia_inline_auto\" id=\"style-css-av-8yjtnz-25b1f1ad60e117fca0440c7c1611ed7a\">\n.av_font_icon.av-8yjtnz-25b1f1ad60e117fca0440c7c1611ed7a .av-icon-char{\nfont-size:40px;\nline-height:40px;\nwidth:40px;\n}\n<\/style>\n<span  class='av_font_icon av-8yjtnz-25b1f1ad60e117fca0440c7c1611ed7a avia_animate_when_visible av-icon-style-border avia-icon-pos-right avia-iconfont avia-font-entypo-fontello av-no-color avia-icon-animate'><a href='https:\/\/www.eviapartment.it\/\/wp-content\/uploads\/2015\/06\/museopassiria.pdf'  target=\"_blank\"  rel=\"noopener noreferrer\"  class='av-icon-char' data-av_icon='\ue843' data-av_iconfont='entypo-fontello' aria-hidden=\"false\" ><\/a><span class='av_icon_caption av-special-font'>MuseoPassiria Download<\/span><\/span><br \/>\n<\/strong>dal 15 marzo al 2 novembre<br \/>\ndalle 10.00 alle 18.00 &#8211; Ultimo ingresso alle 17.00.<br \/>\nChiuso il luned\u00ec. Aperto Luned\u00ec di Pasqua, Luned\u00ec di Pentecoste, Ognissanti.<br \/>\nAperto tutti i giorni, anche il luned\u00ec, nei mesi di agosto e settembre.<br \/>\nWeb: <a href=\"http:\/\/www.museum.passeier.it\/it\" target=\"_blank\" rel=\"noopener\">www.museum.passeier.it<\/a><\/p>\n<\/div><\/div><footer class=\"entry-footer\"><\/footer><\/article><br \/>\n\n<style type=\"text\/css\" data-created_by=\"avia_inline_auto\" id=\"style-css-av-7dtn5b-1f2dd779852354b36fa972c9b428efb2\">\n#top .hr.hr-invisible.av-7dtn5b-1f2dd779852354b36fa972c9b428efb2{\nheight:50px;\n}\n<\/style>\n<div  class='hr av-7dtn5b-1f2dd779852354b36fa972c9b428efb2 hr-invisible  avia-builder-el-23  el_after_av_icon_box  el_before_av_icon_box '><span class='hr-inner '><span class=\"hr-inner-style\"><\/span><\/span><\/div><br \/>\n<article  class='iconbox iconbox_top av-im1cf-dfb5b017bd39c993322fb072b7f21971  avia-builder-el-24  el_after_av_hr  el_before_av_hr  main_color'  itemscope=\"itemscope\" itemtype=\"https:\/\/schema.org\/CreativeWork\" ><div class=\"iconbox_content\"><header class=\"entry-content-header\" aria-label=\"Icona: Area escursionistica Hirzer\"><div class='iconbox_icon heading-color avia-iconfont avia-font-entypo-fontello' data-av_icon='\ue81e' data-av_iconfont='entypo-fontello'  ><\/div><h3 class='iconbox_content_title '  itemprop=\"headline\" >Area escursionistica Hirzer<\/h3><\/header><div class='iconbox_content_container '  itemprop=\"text\" ><p style=\"text-align: left;\"><a href=\"https:\/\/www.eviapartment.it\/\/wp-content\/uploads\/2015\/06\/eviapartment_hirzer.jpg\"><img loading=\"lazy\" decoding=\"async\" class=\"aligncenter wp-image-1415 size-featured\" src=\"https:\/\/www.eviapartment.it\/\/wp-content\/uploads\/2015\/06\/eviapartment_hirzer-1030x430.jpg\" alt=\"\" width=\"1030\" height=\"430\" \/><\/a><\/p>\n<p style=\"text-align: left;\"><strong>DIFFICOLT\u00c0 BASSA:<br \/>\nKlammeben &#8211; rifugio Hirzer &#8211; malga Resegger &#8211; malga Tallner &#8211; Sonntagsweide &#8211; Stafell<\/strong><\/p>\n<p style=\"text-align: left;\"><strong>partenza:<\/strong> stazione a valle di Saltusio<br \/>\n<strong>rientro:<\/strong> in funivia dalla stazione a monte di Klammeben<\/p>\n<p style=\"text-align: left;\"><strong>Persorso:<\/strong> salite in funivia alla stazione a monte di Klammeben (1980 m) e proseguite a piedi fino a malga Tallner, passando dal rifugio Hirzer (1980 m) e da malga Resegger. Quindi prendete per malga Stafell (1940 m) seguendo il sentiero n. 1, leggermente in salita (da notare la fioritura dei rododendri del pascolo Sonntagsweide a giugno e a luglio). Da qui, una camminata di circa un&#8217;ora e mezza lungo un sentiero molto gradevole vi riporter\u00e0 alla stazione a monte della funivia.<\/p>\n<p style=\"text-align: left;\"><strong>durata:<\/strong> 2,5 ore circa<\/p>\n<p style=\"text-align: left;\"><div  class='hr av-477p73-0a99aa32558530115d232a14ab213575 hr-short  avia-builder-el-25  avia-builder-el-no-sibling  hr-center'><span class='hr-inner '><span class=\"hr-inner-style\"><\/span><\/span><\/div><\/p>\n<p style=\"text-align: left;\"><strong>DIFFICOLT\u00c0 MEDIA:<br \/>\n<\/strong><strong>Klammeben &#8211; Stafell &#8211; Videgg &#8211; Oberkirn &#8211; stazione intermedia di Prenn<\/strong><\/p>\n<p style=\"text-align: left;\"><strong>partenza:<\/strong> stazione a valle di Saltusio<br \/>\n<strong>rientro:<\/strong> in funivia, partendo dalla stazione intermedia<\/p>\n<p style=\"text-align: left;\"><strong>Percorso:<\/strong> dalla stazione a monte di Klammeben (1980 m), in una camminata molto piacevole di mezz&#8217;ora raggiungete malga Stafell (1940 m). Da qui, scendete verso Videgg (1536 m), quindi proseguite lungo la carrozzabile per Oberkirn e Prenn.<\/p>\n<p style=\"text-align: left;\"><strong>durata:<\/strong> 3-4 ore<\/p>\n<\/div><\/div><footer class=\"entry-footer\"><\/footer><\/article><br \/>\n\n<style type=\"text\/css\" data-created_by=\"avia_inline_auto\" id=\"style-css-av-tq7rfj-3-5d4f44ca2300d4b5e4c4447eaaabcb61\">\n#top .hr.hr-invisible.av-tq7rfj-3-5d4f44ca2300d4b5e4c4447eaaabcb61{\nheight:15px;\n}\n<\/style>\n<div  class='hr av-tq7rfj-3-5d4f44ca2300d4b5e4c4447eaaabcb61 hr-invisible  avia-builder-el-26  el_after_av_icon_box  el_before_av_button_big  avia-builder-el-last '><span class='hr-inner '><span class=\"hr-inner-style\"><\/span><\/span><\/div><br \/>\n<div  class='avia-button-wrap avia-button-center  avia-builder-el-27  el_after_av_hr  el_before_av_image '>\n<style type=\"text\/css\" data-created_by=\"avia_inline_auto\" id=\"style-css-av-k2ua34ti-1-d120aa3e4b5b413da8fc64fab4adc176\">\n#top #wrap_all .avia-button.av-k2ua34ti-1-d120aa3e4b5b413da8fc64fab4adc176{\ncolor:#ffffff;\ntransition:all 0.4s ease-in-out;\n}\n#top #wrap_all .avia-button.av-k2ua34ti-1-d120aa3e4b5b413da8fc64fab4adc176:hover{\ncolor:#ffffff;\ntransition:all 0.4s ease-in-out;\n}\n#top #wrap_all .avia-button.av-k2ua34ti-1-d120aa3e4b5b413da8fc64fab4adc176 .avia-svg-icon svg:first-child{\nfill:#ffffff;\nstroke:#ffffff;\n}\n#top #wrap_all .avia-button.av-k2ua34ti-1-d120aa3e4b5b413da8fc64fab4adc176:hover .avia-svg-icon svg:first-child{\nfill:#ffffff;\nstroke:#ffffff;\n}\n<\/style>\n<a href='https:\/\/www.merano-suedtirol.it\/it\/val-passiria\/vacanze-in-montagna\/camminate-escursioni\/sentieri-escursionistici.html' class='avia-color-theme-color avia-button avia-button-fullwidth av-k2ua34ti-1-d120aa3e4b5b413da8fc64fab4adc176 avia-icon_select-no avia-color-theme-color'  target=\"_blank\"  rel=\"noopener noreferrer\"  aria-label=\"Sentieri in Val Passiria\"><span class='avia_iconbox_title' >Sentieri in Val Passiria<\/span><div class='av-button-description av-button-description-below'><p>Itinerari a tema &#8211; Escursioni guidate e selezionate &#8211; Andare per laghi &#8211; Alta via di Merano<\/p>\n<\/div><span class='avia_button_background avia-button avia-button-fullwidth avia-color-theme-color-highlight'><\/span><\/a><\/div><br \/>\n\n<style type=\"text\/css\" data-created_by=\"avia_inline_auto\" id=\"style-css-av-37ej25-2-5febadbaca49c1161a83f45ec2c8f218\">\n.avia-image-container.av-37ej25-2-5febadbaca49c1161a83f45ec2c8f218 img.avia_image{\nbox-shadow:none;\n}\n.avia-image-container.av-37ej25-2-5febadbaca49c1161a83f45ec2c8f218 .av-image-caption-overlay-center{\ncolor:#ffffff;\nfont-size:13px;\n}\n<\/style>\n<div  class='avia-image-container av-37ej25-2-5febadbaca49c1161a83f45ec2c8f218 av-styling- av-hover-grow av-hide-overflow avia_animated_image av-animated-when-visible-95 left-to-right avia-align-center  avia-builder-el-28  el_after_av_button_big  avia-builder-el-no-sibling '   itemprop=\"image\" itemscope=\"itemscope\" itemtype=\"https:\/\/schema.org\/ImageObject\" ><div class=\"avia-image-container-inner\"><div class=\"avia-image-overlay-wrap\"><img decoding=\"async\" fetchpriority=\"high\" class='wp-image-1720 avia-img-lazy-loading-not-1720 avia_image ' src=\"https:\/\/www.eviapartment.it\/wp-content\/uploads\/2019\/11\/eviapartment_smg03940heri.jpg\" alt='' title='eviapartment_smg03940heri'  height=\"433\" width=\"1030\"  itemprop=\"thumbnailUrl\" srcset=\"https:\/\/www.eviapartment.it\/wp-content\/uploads\/2019\/11\/eviapartment_smg03940heri.jpg 1030w, https:\/\/www.eviapartment.it\/wp-content\/uploads\/2019\/11\/eviapartment_smg03940heri-300x126.jpg 300w, https:\/\/www.eviapartment.it\/wp-content\/uploads\/2019\/11\/eviapartment_smg03940heri-768x323.jpg 768w, https:\/\/www.eviapartment.it\/wp-content\/uploads\/2019\/11\/eviapartment_smg03940heri-705x296.jpg 705w\" sizes=\"(max-width: 1030px) 100vw, 1030px\" \/><\/div><\/div><\/div><\/p>\n<\/div><\/div><\/div>\n","protected":false},"excerpt":{"rendered":"","protected":false},"author":1113,"featured_media":1063,"parent":0,"menu_order":0,"comment_status":"closed","ping_status":"closed","template":"","meta":{"footnotes":""},"class_list":["post-1263","page","type-page","status-publish","has-post-thumbnail","hentry"],"yoast_head":"<!-- This site is optimized with the Yoast SEO plugin v27.5 - https:\/\/yoast.com\/product\/yoast-seo-wordpress\/ -->\n<title>Caines e dintorni<\/title>\n<meta name=\"description\" content=\"Caines e dintorni - Naturspektakel Passerschlucht und MuseumPasseier in St. Leonhard in Passeier - Spronserseen - Naturpark Texelgruppe - Kurstadt Meran\" \/>\n<meta name=\"robots\" content=\"index, follow, max-snippet:-1, max-image-preview:large, max-video-preview:-1\" \/>\n<link rel=\"canonical\" href=\"https:\/\/www.eviapartment.it\/it\/caines-e-dintorni\/\" \/>\n<meta property=\"og:locale\" content=\"it_IT\" \/>\n<meta property=\"og:type\" content=\"article\" \/>\n<meta property=\"og:title\" content=\"Caines e dintorni\" \/>\n<meta property=\"og:description\" content=\"Caines e dintorni - Naturspektakel Passerschlucht und MuseumPasseier in St. Leonhard in Passeier - Spronserseen - Naturpark Texelgruppe - Kurstadt Meran\" \/>\n<meta property=\"og:url\" content=\"https:\/\/www.eviapartment.it\/it\/caines-e-dintorni\/\" \/>\n<meta property=\"og:site_name\" content=\"Evi Apartment \/ Kuens bei Meran (BZ) S\u00fcdtirol\" \/>\n<meta property=\"article:modified_time\" content=\"2025-11-10T08:25:39+00:00\" \/>\n<meta property=\"og:image\" content=\"https:\/\/www.eviapartment.it\/wp-content\/uploads\/2015\/06\/eviapartment-slider-kuens-umgebung.jpg\" \/>\n\t<meta property=\"og:image:width\" content=\"1700\" \/>\n\t<meta property=\"og:image:height\" content=\"1202\" \/>\n\t<meta property=\"og:image:type\" content=\"image\/jpeg\" \/>\n<meta name=\"twitter:card\" content=\"summary_large_image\" \/>\n<meta name=\"twitter:label1\" content=\"Tempo di lettura stimato\" \/>\n\t<meta name=\"twitter:data1\" content=\"11 minuti\" \/>\n<script type=\"application\/ld+json\" class=\"yoast-schema-graph\">{\"@context\":\"https:\\\/\\\/schema.org\",\"@graph\":[{\"@type\":\"WebPage\",\"@id\":\"https:\\\/\\\/www.eviapartment.it\\\/it\\\/caines-e-dintorni\\\/\",\"url\":\"https:\\\/\\\/www.eviapartment.it\\\/it\\\/caines-e-dintorni\\\/\",\"name\":\"Caines e dintorni\",\"isPartOf\":{\"@id\":\"https:\\\/\\\/www.eviapartment.it\\\/it\\\/#website\"},\"primaryImageOfPage\":{\"@id\":\"https:\\\/\\\/www.eviapartment.it\\\/it\\\/caines-e-dintorni\\\/#primaryimage\"},\"image\":{\"@id\":\"https:\\\/\\\/www.eviapartment.it\\\/it\\\/caines-e-dintorni\\\/#primaryimage\"},\"thumbnailUrl\":\"https:\\\/\\\/www.eviapartment.it\\\/wp-content\\\/uploads\\\/2015\\\/06\\\/eviapartment-slider-kuens-umgebung.jpg\",\"datePublished\":\"2023-05-01T10:01:27+00:00\",\"dateModified\":\"2025-11-10T08:25:39+00:00\",\"description\":\"Caines e dintorni - Naturspektakel Passerschlucht und MuseumPasseier in St. Leonhard in Passeier - Spronserseen - Naturpark Texelgruppe - Kurstadt Meran\",\"breadcrumb\":{\"@id\":\"https:\\\/\\\/www.eviapartment.it\\\/it\\\/caines-e-dintorni\\\/#breadcrumb\"},\"inLanguage\":\"it-IT\",\"potentialAction\":[{\"@type\":\"ReadAction\",\"target\":[\"https:\\\/\\\/www.eviapartment.it\\\/it\\\/caines-e-dintorni\\\/\"]}]},{\"@type\":\"ImageObject\",\"inLanguage\":\"it-IT\",\"@id\":\"https:\\\/\\\/www.eviapartment.it\\\/it\\\/caines-e-dintorni\\\/#primaryimage\",\"url\":\"https:\\\/\\\/www.eviapartment.it\\\/wp-content\\\/uploads\\\/2015\\\/06\\\/eviapartment-slider-kuens-umgebung.jpg\",\"contentUrl\":\"https:\\\/\\\/www.eviapartment.it\\\/wp-content\\\/uploads\\\/2015\\\/06\\\/eviapartment-slider-kuens-umgebung.jpg\",\"width\":1700,\"height\":1202},{\"@type\":\"BreadcrumbList\",\"@id\":\"https:\\\/\\\/www.eviapartment.it\\\/it\\\/caines-e-dintorni\\\/#breadcrumb\",\"itemListElement\":[{\"@type\":\"ListItem\",\"position\":1,\"name\":\"Home\",\"item\":\"https:\\\/\\\/www.eviapartment.it\\\/it\\\/appartamenti-caines-presso-merano-alto-adige\\\/\"},{\"@type\":\"ListItem\",\"position\":2,\"name\":\"Caines e dintorni\"}]},{\"@type\":\"WebSite\",\"@id\":\"https:\\\/\\\/www.eviapartment.it\\\/it\\\/#website\",\"url\":\"https:\\\/\\\/www.eviapartment.it\\\/it\\\/\",\"name\":\"Evi Apartment \\\/ Kuens bei Meran (BZ) S\u00fcdtirol\",\"description\":\"Eine weitere WordPress-Seite\",\"potentialAction\":[{\"@type\":\"SearchAction\",\"target\":{\"@type\":\"EntryPoint\",\"urlTemplate\":\"https:\\\/\\\/www.eviapartment.it\\\/it\\\/?s={search_term_string}\"},\"query-input\":{\"@type\":\"PropertyValueSpecification\",\"valueRequired\":true,\"valueName\":\"search_term_string\"}}],\"inLanguage\":\"it-IT\"}]}<\/script>\n<!-- \/ Yoast SEO plugin. -->","yoast_head_json":{"title":"Caines e dintorni","description":"Caines e dintorni - Naturspektakel Passerschlucht und MuseumPasseier in St. Leonhard in Passeier - Spronserseen - Naturpark Texelgruppe - Kurstadt Meran","robots":{"index":"index","follow":"follow","max-snippet":"max-snippet:-1","max-image-preview":"max-image-preview:large","max-video-preview":"max-video-preview:-1"},"canonical":"https:\/\/www.eviapartment.it\/it\/caines-e-dintorni\/","og_locale":"it_IT","og_type":"article","og_title":"Caines e dintorni","og_description":"Caines e dintorni - Naturspektakel Passerschlucht und MuseumPasseier in St. Leonhard in Passeier - Spronserseen - Naturpark Texelgruppe - Kurstadt Meran","og_url":"https:\/\/www.eviapartment.it\/it\/caines-e-dintorni\/","og_site_name":"Evi Apartment \/ Kuens bei Meran (BZ) S\u00fcdtirol","article_modified_time":"2025-11-10T08:25:39+00:00","og_image":[{"width":1700,"height":1202,"url":"https:\/\/www.eviapartment.it\/wp-content\/uploads\/2015\/06\/eviapartment-slider-kuens-umgebung.jpg","type":"image\/jpeg"}],"twitter_card":"summary_large_image","twitter_misc":{"Tempo di lettura stimato":"11 minuti"},"schema":{"@context":"https:\/\/schema.org","@graph":[{"@type":"WebPage","@id":"https:\/\/www.eviapartment.it\/it\/caines-e-dintorni\/","url":"https:\/\/www.eviapartment.it\/it\/caines-e-dintorni\/","name":"Caines e dintorni","isPartOf":{"@id":"https:\/\/www.eviapartment.it\/it\/#website"},"primaryImageOfPage":{"@id":"https:\/\/www.eviapartment.it\/it\/caines-e-dintorni\/#primaryimage"},"image":{"@id":"https:\/\/www.eviapartment.it\/it\/caines-e-dintorni\/#primaryimage"},"thumbnailUrl":"https:\/\/www.eviapartment.it\/wp-content\/uploads\/2015\/06\/eviapartment-slider-kuens-umgebung.jpg","datePublished":"2023-05-01T10:01:27+00:00","dateModified":"2025-11-10T08:25:39+00:00","description":"Caines e dintorni - Naturspektakel Passerschlucht und MuseumPasseier in St. Leonhard in Passeier - Spronserseen - Naturpark Texelgruppe - Kurstadt Meran","breadcrumb":{"@id":"https:\/\/www.eviapartment.it\/it\/caines-e-dintorni\/#breadcrumb"},"inLanguage":"it-IT","potentialAction":[{"@type":"ReadAction","target":["https:\/\/www.eviapartment.it\/it\/caines-e-dintorni\/"]}]},{"@type":"ImageObject","inLanguage":"it-IT","@id":"https:\/\/www.eviapartment.it\/it\/caines-e-dintorni\/#primaryimage","url":"https:\/\/www.eviapartment.it\/wp-content\/uploads\/2015\/06\/eviapartment-slider-kuens-umgebung.jpg","contentUrl":"https:\/\/www.eviapartment.it\/wp-content\/uploads\/2015\/06\/eviapartment-slider-kuens-umgebung.jpg","width":1700,"height":1202},{"@type":"BreadcrumbList","@id":"https:\/\/www.eviapartment.it\/it\/caines-e-dintorni\/#breadcrumb","itemListElement":[{"@type":"ListItem","position":1,"name":"Home","item":"https:\/\/www.eviapartment.it\/it\/appartamenti-caines-presso-merano-alto-adige\/"},{"@type":"ListItem","position":2,"name":"Caines e dintorni"}]},{"@type":"WebSite","@id":"https:\/\/www.eviapartment.it\/it\/#website","url":"https:\/\/www.eviapartment.it\/it\/","name":"Evi Apartment \/ Kuens bei Meran (BZ) S\u00fcdtirol","description":"Eine weitere WordPress-Seite","potentialAction":[{"@type":"SearchAction","target":{"@type":"EntryPoint","urlTemplate":"https:\/\/www.eviapartment.it\/it\/?s={search_term_string}"},"query-input":{"@type":"PropertyValueSpecification","valueRequired":true,"valueName":"search_term_string"}}],"inLanguage":"it-IT"}]}},"_links":{"self":[{"href":"https:\/\/www.eviapartment.it\/it\/wp-json\/wp\/v2\/pages\/1263","targetHints":{"allow":["GET"]}}],"collection":[{"href":"https:\/\/www.eviapartment.it\/it\/wp-json\/wp\/v2\/pages"}],"about":[{"href":"https:\/\/www.eviapartment.it\/it\/wp-json\/wp\/v2\/types\/page"}],"author":[{"embeddable":true,"href":"https:\/\/www.eviapartment.it\/it\/wp-json\/wp\/v2\/users\/1113"}],"replies":[{"embeddable":true,"href":"https:\/\/www.eviapartment.it\/it\/wp-json\/wp\/v2\/comments?post=1263"}],"version-history":[{"count":3,"href":"https:\/\/www.eviapartment.it\/it\/wp-json\/wp\/v2\/pages\/1263\/revisions"}],"predecessor-version":[{"id":2136,"href":"https:\/\/www.eviapartment.it\/it\/wp-json\/wp\/v2\/pages\/1263\/revisions\/2136"}],"wp:featuredmedia":[{"embeddable":true,"href":"https:\/\/www.eviapartment.it\/it\/wp-json\/wp\/v2\/media\/1063"}],"wp:attachment":[{"href":"https:\/\/www.eviapartment.it\/it\/wp-json\/wp\/v2\/media?parent=1263"}],"curies":[{"name":"wp","href":"https:\/\/api.w.org\/{rel}","templated":true}]}}